{"id":499,"date":"2020-03-12T13:09:45","date_gmt":"2020-03-12T12:09:45","guid":{"rendered":"http:\/\/liguegolfbfc.org\/?page_id=499"},"modified":"2026-04-28T15:28:50","modified_gmt":"2026-04-28T13:28:50","slug":"jeunes-grand-prix-jeunes-autres-regions","status":"publish","type":"page","link":"https:\/\/liguegolfbfc.org\/index.php\/jeunes-grand-prix-jeunes-autres-regions\/","title":{"rendered":"GRAND PRIX JEUNES AUTRES R\u00c9GIONS"},"content":{"rendered":"\n<h2 class=\"wp-block-heading has-white-color has-text-color has-background\" id=\"ProjetSportif2023\" style=\"background:linear-gradient(135deg,rgb(0,51,96) 0%,rgb(0,51,96) 55%,rgb(0,51,96) 100%)\">GRANDS PRIX JEUNES 2026<\/h2>\n\n\n\n<p><strong>Les Grands Prix Jeunes sont organis\u00e9s par la Ligue en collaboration avec le club recevant l&rsquo;\u00e9preuve. Les inscriptions se font directement aupr\u00e8s du club. Nous vous souhaitons une belle saison golfique !<\/strong><\/p>\n\n\n\n<p><strong><a href=\"https:\/\/liguegolfbfc.org\/wp-content\/uploads\/2026\/02\/Reglement-GPJ-FFG-Version-au-19-fevrier.pdf\">Cahier des charges des GPJeunes FFgolf<\/a><\/strong><br>Calendrier et r\u00e9sultats<strong><a href=\"https:\/\/www.ffgolf.org\/golf-amateur\/jeunes\/calendrier-resultats\/national-international\/2026\"> Site FFG<\/a><\/strong><\/p>\n\n\n\n<hr class=\"wp-block-separator has-alpha-channel-opacity\"\/>\n\n\n\n<h2 class=\"wp-block-heading\">GRAND PRIX JEUNES &#8211; Golf de la Wantzenau I 22-23 avril 2026<\/h2>\n\n\n\n<p><strong><a href=\"https:\/\/golf-wantzenau.fr\/fr\/resultats-des-competitions\">R\u00e9sultats <\/a><\/strong><\/p>\n\n\n\n<p>Chantal Jaime Billot vainqueur chez les filles U12, Ren\u00e9 Jaime Billot 5e et Louis Rochereau 18e.<\/p>\n\n\n\n<div class=\"wp-block-columns is-layout-flex wp-container-core-columns-is-layout-9d6595d7 wp-block-columns-is-layout-flex\">\n<div class=\"wp-block-column is-layout-flow wp-block-column-is-layout-flow\"><\/div>\n\n\n\n<div class=\"wp-block-column is-layout-flow wp-block-column-is-layout-flow\">\n<figure class=\"wp-block-image size-large\"><img loading=\"lazy\" decoding=\"async\" width=\"768\" height=\"1024\" src=\"https:\/\/liguegolfbfc.org\/wp-content\/uploads\/2026\/04\/vainqueurs-768x1024.jpg\" alt=\"\" class=\"wp-image-20368\" srcset=\"https:\/\/liguegolfbfc.org\/wp-content\/uploads\/2026\/04\/vainqueurs-768x1024.jpg 768w, https:\/\/liguegolfbfc.org\/wp-content\/uploads\/2026\/04\/vainqueurs-225x300.jpg 225w, https:\/\/liguegolfbfc.org\/wp-content\/uploads\/2026\/04\/vainqueurs-1152x1536.jpg 1152w, https:\/\/liguegolfbfc.org\/wp-content\/uploads\/2026\/04\/vainqueurs.jpg 1200w\" sizes=\"auto, (max-width: 768px) 100vw, 768px\" \/><\/figure>\n<\/div>\n\n\n\n<div class=\"wp-block-column is-layout-flow wp-block-column-is-layout-flow\"><\/div>\n<\/div>\n\n\n\n<hr class=\"wp-block-separator has-alpha-channel-opacity\"\/>\n\n\n\n<h2 class=\"wp-block-heading\">GRAND PRIX JEUNES &#8211; Golf de Strasbourg I 21-22 avril 2026<\/h2>\n\n\n\n<p>Infos et r\u00e9sultats &#8211; <strong><a href=\"https:\/\/ligue-golfgrandest.org\/index.php\/jeunes\/grands-prix\/\">Site ligue de Grand-Est <\/a><\/strong><\/p>\n\n\n\n<p><strong>Cat\u00e9gorie U10 <\/strong>: <br>Vainqueurs : Chantal Jaime Billot (Val d&rsquo;Amour) et Louis Rochereau (Rougemont le Ch\u00e2teau)<br><strong>Cat\u00e9gorie U12<\/strong> : <br>Tr\u00e8s beau r\u00e9sultat de Ren\u00e9 Jaime Billot qui termine 4e<\/p>\n\n\n\n<div class=\"wp-block-columns is-layout-flex wp-container-core-columns-is-layout-9d6595d7 wp-block-columns-is-layout-flex\">\n<div class=\"wp-block-column is-layout-flow wp-block-column-is-layout-flow\"><\/div>\n\n\n\n<div class=\"wp-block-column is-layout-flow wp-block-column-is-layout-flow\">\n<figure class=\"wp-block-image size-large\"><img loading=\"lazy\" decoding=\"async\" width=\"768\" height=\"1024\" src=\"https:\/\/liguegolfbfc.org\/wp-content\/uploads\/2026\/04\/Louis-Rochereau-768x1024.jpg\" alt=\"\" class=\"wp-image-20365\" srcset=\"https:\/\/liguegolfbfc.org\/wp-content\/uploads\/2026\/04\/Louis-Rochereau-768x1024.jpg 768w, https:\/\/liguegolfbfc.org\/wp-content\/uploads\/2026\/04\/Louis-Rochereau-225x300.jpg 225w, https:\/\/liguegolfbfc.org\/wp-content\/uploads\/2026\/04\/Louis-Rochereau-1152x1536.jpg 1152w, https:\/\/liguegolfbfc.org\/wp-content\/uploads\/2026\/04\/Louis-Rochereau.jpg 1536w\" sizes=\"auto, (max-width: 768px) 100vw, 768px\" \/><\/figure>\n<\/div>\n\n\n\n<div class=\"wp-block-column is-layout-flow wp-block-column-is-layout-flow\"><\/div>\n<\/div>\n\n\n\n<hr class=\"wp-block-separator has-alpha-channel-opacity\"\/>\n\n\n\n<h2 class=\"wp-block-heading\">GRAND PRIX JEUNES &#8211; Golf de Cheverny I 18 et 19 avril 2026<\/h2>\n\n\n\n<p><strong><a href=\"https:\/\/www.golf-centre.fr\/fr\/competitions\/grand-prix-jeunes-de-cheverny-1\/4\/B\">R\u00e9sultats <\/a><\/strong>&#8211; Poidevin Camille 5e (75\/81)<\/p>\n\n\n\n<hr class=\"wp-block-separator has-alpha-channel-opacity\"\/>\n\n\n\n<h2 class=\"wp-block-heading\"><br>GRAND PRIX JEUNES &#8211; Golf du Gouverneur I 16-17 avril 2026<\/h2>\n\n\n\n<p><strong><strong><a href=\"https:\/\/www.liguegolfaura.com\/images\/competitions\/Jeunes\/2026\/GP%20Jeunes\/Resultats_GP_Jeune_U12.pdf\">R\u00e9sultats<\/a><\/strong><\/strong> &#8211; Guilain Houssais 4e (73\/72)<\/p>\n\n\n\n<figure data-wp-context=\"{&quot;imageId&quot;:&quot;69f379aa92659&quot;}\" data-wp-interactive=\"core\/image\" class=\"wp-block-image size-full wp-lightbox-container\"><img loading=\"lazy\" decoding=\"async\" width=\"530\" height=\"300\" data-wp-class--hide=\"state.isContentHidden\" data-wp-class--show=\"state.isContentVisible\" data-wp-init=\"callbacks.setButtonStyles\" data-wp-on-async--click=\"actions.showLightbox\" data-wp-on-async--load=\"callbacks.setButtonStyles\" data-wp-on-async-window--resize=\"callbacks.setButtonStyles\" src=\"https:\/\/liguegolfbfc.org\/wp-content\/uploads\/2026\/04\/Golf-Gouverneur.png\" alt=\"\" class=\"wp-image-20274\" srcset=\"https:\/\/liguegolfbfc.org\/wp-content\/uploads\/2026\/04\/Golf-Gouverneur.png 530w, https:\/\/liguegolfbfc.org\/wp-content\/uploads\/2026\/04\/Golf-Gouverneur-300x170.png 300w\" sizes=\"auto, (max-width: 530px) 100vw, 530px\" \/><button\n\t\t\tclass=\"lightbox-trigger\"\n\t\t\ttype=\"button\"\n\t\t\taria-haspopup=\"dialog\"\n\t\t\taria-label=\"Agrandir\"\n\t\t\tdata-wp-init=\"callbacks.initTriggerButton\"\n\t\t\tdata-wp-on-async--click=\"actions.showLightbox\"\n\t\t\tdata-wp-style--right=\"state.imageButtonRight\"\n\t\t\tdata-wp-style--top=\"state.imageButtonTop\"\n\t\t>\n\t\t\t<svg xmlns=\"http:\/\/www.w3.org\/2000\/svg\" width=\"12\" height=\"12\" fill=\"none\" viewBox=\"0 0 12 12\">\n\t\t\t\t<path fill=\"#fff\" d=\"M2 0a2 2 0 0 0-2 2v2h1.5V2a.5.5 0 0 1 .5-.5h2V0H2Zm2 10.5H2a.5.5 0 0 1-.5-.5V8H0v2a2 2 0 0 0 2 2h2v-1.5ZM8 12v-1.5h2a.5.5 0 0 0 .5-.5V8H12v2a2 2 0 0 1-2 2H8Zm2-12a2 2 0 0 1 2 2v2h-1.5V2a.5.5 0 0 0-.5-.5H8V0h2Z\" \/>\n\t\t\t<\/svg>\n\t\t<\/button><\/figure>\n\n\n\n<hr class=\"wp-block-separator has-alpha-channel-opacity\"\/>\n\n\n\n<h2 class=\"wp-block-heading\">GPJ Golf du Mans I 28-29 mars<\/h2>\n\n\n\n<p><strong><a href=\"https:\/\/www.golfdes24heures.fr\/grand-prix-jeunes-et-son-criterium-2026.html\">R\u00e9sultats<\/a><\/strong> <br>F\u00e9licitations \u00e0 Olympe<strong> Diguerher<\/strong> \ud83e\udd49 qui remporte la <strong>3e place<\/strong> (74\/84) !<\/p>\n\n\n\n<div class=\"wp-block-columns is-layout-flex wp-container-core-columns-is-layout-9d6595d7 wp-block-columns-is-layout-flex\">\n<div class=\"wp-block-column is-layout-flow wp-block-column-is-layout-flow\">\n<figure class=\"wp-block-image size-full\"><img loading=\"lazy\" decoding=\"async\" width=\"1024\" height=\"683\" src=\"https:\/\/liguegolfbfc.org\/wp-content\/uploads\/2026\/03\/u8-edited.jpg\" alt=\"\" class=\"wp-image-20104\" srcset=\"https:\/\/liguegolfbfc.org\/wp-content\/uploads\/2026\/03\/u8-edited.jpg 1024w, https:\/\/liguegolfbfc.org\/wp-content\/uploads\/2026\/03\/u8-edited-300x200.jpg 300w, https:\/\/liguegolfbfc.org\/wp-content\/uploads\/2026\/03\/u8-edited-768x512.jpg 768w, https:\/\/liguegolfbfc.org\/wp-content\/uploads\/2026\/03\/u8-edited-272x182.jpg 272w\" sizes=\"auto, (max-width: 1024px) 100vw, 1024px\" \/><\/figure>\n<\/div>\n\n\n\n<div class=\"wp-block-column is-layout-flow wp-block-column-is-layout-flow\">\n<figure class=\"wp-block-image size-full\"><img loading=\"lazy\" decoding=\"async\" width=\"576\" height=\"384\" src=\"https:\/\/liguegolfbfc.org\/wp-content\/uploads\/2026\/03\/u7-edited.jpg\" alt=\"\" class=\"wp-image-20103\" srcset=\"https:\/\/liguegolfbfc.org\/wp-content\/uploads\/2026\/03\/u7-edited.jpg 576w, https:\/\/liguegolfbfc.org\/wp-content\/uploads\/2026\/03\/u7-edited-300x200.jpg 300w, https:\/\/liguegolfbfc.org\/wp-content\/uploads\/2026\/03\/u7-edited-272x182.jpg 272w\" sizes=\"auto, (max-width: 576px) 100vw, 576px\" \/><\/figure>\n<\/div>\n<\/div>\n\n\n\n<p>8e Camille <strong>Poidevin <\/strong>(83\/80)<\/p>\n\n\n\n<hr class=\"wp-block-separator has-alpha-channel-opacity\"\/>\n\n\n\n<h2 class=\"wp-block-heading\">GPJ Golf du Prieure I 21-22 mars<\/h2>\n\n\n\n<p><a href=\"https:\/\/liguegolfbfc.org\/wp-content\/uploads\/2026\/03\/69a1d77210c96_2026-gpj1-pidf-resultats-bg-t2.pdf\"><strong>R\u00e9sultats &#8211; Benjamin<\/strong><\/a><\/p>\n\n\n\n<p>F\u00e9licitations \u00e0 Louis <strong>Laborier<\/strong> \ud83e\udd49 qui remporte la <strong>3e place <\/strong>(78\/74) !<\/p>\n\n\n\n<figure class=\"wp-block-image size-large is-resized\"><img decoding=\"async\" src=\"https:\/\/liguegolfbfc.org\/wp-content\/uploads\/2026\/03\/IMG_5469-edited.jpg\" alt=\"\" class=\"wp-image-19961\" style=\"object-fit:cover;width:717px;height:500px\"\/><\/figure>\n\n\n\n<hr class=\"wp-block-separator has-alpha-channel-opacity\"\/>\n\n\n\n<h2 class=\"wp-block-heading\">GPJ Lyon Chassieu I 21-22 mars<\/h2>\n\n\n\n<p><strong><a href=\"https:\/\/liguegolfbfc.org\/wp-content\/uploads\/2026\/03\/Chassieur_GPJ.pdf\">R\u00e9sultats<\/a><\/strong><\/p>\n\n\n\n<p>U14 Gar\u00e7ons : Lo\u00efc <strong>Sieve<\/strong> 27e (83\/79) &#8211; Maxime <strong>Despres<\/strong> 33e (83\/80) &#8211; Hugo <strong>Beaufils<\/strong> 35e (82\/82) &#8211; Sandu <strong>Dobrila<\/strong> 39e (85\/80)<\/p>\n\n\n\n<hr class=\"wp-block-separator has-alpha-channel-opacity\"\/>\n\n\n\n<h2 class=\"wp-block-heading\">GPJ Golf Club de Lyon I 21-22 mars<\/h2>\n\n\n\n<p><strong><a href=\"https:\/\/liguegolfbfc.org\/wp-content\/uploads\/2026\/03\/GPJ_GCL-1.pdf\">R\u00e9sultats<\/a><\/strong><\/p>\n\n\n\n<p>U12 Filles : El\u00e9onore <strong>Vignaud<\/strong> 4e (82\/77) &#8211; Olympe <strong>Diguerher<\/strong> 12e (83\/88) &#8211; Margot <strong>Hulin<\/strong> 13e (90\/82)<br>U12 Gar\u00e7ons : Guilain <strong>Houssais<\/strong> 5e (75\/70) &#8211; Camille <strong>Poidevin<\/strong> 22e (80\/81)<\/p>\n\n\n\n<hr class=\"wp-block-separator has-alpha-channel-opacity\"\/>\n\n\n\n<h2 class=\"wp-block-heading\">GPJ National U12 Gar\u00e7ons &#8211; Golf de Nimes Vacquerolles I 14-15 <strong>mars  <\/strong><\/h2>\n\n\n\n<p><strong><a href=\"https:\/\/www.ffgolf.org\/golf-amateur\/jeunes\/calendrier-resultats\/grands-prix-jeunes\/2026\/grand-prix-national-u12-garcons-u12\/page-scores-tournoi\">infos et r\u00e9sultats<\/a><\/strong> &#8211; annulation du T2 pour cause de mauvaise m\u00e9t\u00e9o<br>U12 Gar\u00e7ons : Guilain <strong>Houssais <\/strong>9e (78) &#8211; Camille<strong> Poidevin<\/strong> 28e (84)<\/p>\n\n\n\n<figure data-wp-context=\"{&quot;imageId&quot;:&quot;69f379aa930f6&quot;}\" data-wp-interactive=\"core\/image\" class=\"wp-block-image size-large is-resized wp-lightbox-container\"><img loading=\"lazy\" decoding=\"async\" width=\"576\" height=\"1024\" data-wp-class--hide=\"state.isContentHidden\" data-wp-class--show=\"state.isContentVisible\" data-wp-init=\"callbacks.setButtonStyles\" data-wp-on-async--click=\"actions.showLightbox\" data-wp-on-async--load=\"callbacks.setButtonStyles\" data-wp-on-async-window--resize=\"callbacks.setButtonStyles\" src=\"https:\/\/liguegolfbfc.org\/wp-content\/uploads\/2026\/03\/IMG_20260316_165524-576x1024.jpg\" alt=\"\" class=\"wp-image-19696\" style=\"width:177px;height:auto\" srcset=\"https:\/\/liguegolfbfc.org\/wp-content\/uploads\/2026\/03\/IMG_20260316_165524-576x1024.jpg 576w, https:\/\/liguegolfbfc.org\/wp-content\/uploads\/2026\/03\/IMG_20260316_165524-169x300.jpg 169w, https:\/\/liguegolfbfc.org\/wp-content\/uploads\/2026\/03\/IMG_20260316_165524-768x1366.jpg 768w, https:\/\/liguegolfbfc.org\/wp-content\/uploads\/2026\/03\/IMG_20260316_165524-864x1536.jpg 864w, https:\/\/liguegolfbfc.org\/wp-content\/uploads\/2026\/03\/IMG_20260316_165524.jpg 899w\" sizes=\"auto, (max-width: 576px) 100vw, 576px\" \/><button\n\t\t\tclass=\"lightbox-trigger\"\n\t\t\ttype=\"button\"\n\t\t\taria-haspopup=\"dialog\"\n\t\t\taria-label=\"Agrandir\"\n\t\t\tdata-wp-init=\"callbacks.initTriggerButton\"\n\t\t\tdata-wp-on-async--click=\"actions.showLightbox\"\n\t\t\tdata-wp-style--right=\"state.imageButtonRight\"\n\t\t\tdata-wp-style--top=\"state.imageButtonTop\"\n\t\t>\n\t\t\t<svg xmlns=\"http:\/\/www.w3.org\/2000\/svg\" width=\"12\" height=\"12\" fill=\"none\" viewBox=\"0 0 12 12\">\n\t\t\t\t<path fill=\"#fff\" d=\"M2 0a2 2 0 0 0-2 2v2h1.5V2a.5.5 0 0 1 .5-.5h2V0H2Zm2 10.5H2a.5.5 0 0 1-.5-.5V8H0v2a2 2 0 0 0 2 2h2v-1.5ZM8 12v-1.5h2a.5.5 0 0 0 .5-.5V8H12v2a2 2 0 0 1-2 2H8Zm2-12a2 2 0 0 1 2 2v2h-1.5V2a.5.5 0 0 0-.5-.5H8V0h2Z\" \/>\n\t\t\t<\/svg>\n\t\t<\/button><\/figure>\n\n\n\n<hr class=\"wp-block-separator has-alpha-channel-opacity\"\/>\n\n\n\n<h2 class=\"wp-block-heading\">GPJ de Chantilly I 7-8 mars 2026<\/h2>\n\n\n\n<p>ANNULATION DU TOUR 2, les conditions m\u00e9t\u00e9orologiques ne permettent pas le bon d\u00e9roulement de la comp\u00e9tition.<br><strong><a href=\"https:\/\/liguegolfbfc.org\/wp-content\/uploads\/2026\/03\/TOUR-1-T2-Annule-cause-meteo-U12G.pdf\">R\u00e9sultats T1 <\/a><\/strong>(T2 Annul\u00e9)- F\u00e9licitations \u00e0 <strong>Guilain Houssais<\/strong> qui remporte la <strong>3e place<\/strong> (74) !<\/p>\n\n\n\n<div class=\"wp-block-columns is-layout-flex wp-container-core-columns-is-layout-9d6595d7 wp-block-columns-is-layout-flex\">\n<div class=\"wp-block-column is-layout-flow wp-block-column-is-layout-flow\">\n<figure class=\"wp-block-gallery has-nested-images columns-default is-cropped wp-block-gallery-1 is-layout-flex wp-block-gallery-is-layout-flex\">\n<figure data-wp-context=\"{&quot;imageId&quot;:&quot;69f379aa9381a&quot;}\" data-wp-interactive=\"core\/image\" class=\"wp-block-image size-large wp-lightbox-container\"><img loading=\"lazy\" decoding=\"async\" width=\"530\" height=\"515\" data-wp-class--hide=\"state.isContentHidden\" data-wp-class--show=\"state.isContentVisible\" data-wp-init=\"callbacks.setButtonStyles\" data-wp-on-async--click=\"actions.showLightbox\" data-wp-on-async--load=\"callbacks.setButtonStyles\" data-wp-on-async-window--resize=\"callbacks.setButtonStyles\" data-id=\"19655\" src=\"https:\/\/liguegolfbfc.org\/wp-content\/uploads\/2026\/03\/Guilain-Houssais-3e-GPJ-Hts-de-France-rotated.jpeg\" alt=\"\" class=\"wp-image-19655\" srcset=\"https:\/\/liguegolfbfc.org\/wp-content\/uploads\/2026\/03\/Guilain-Houssais-3e-GPJ-Hts-de-France-rotated.jpeg 530w, https:\/\/liguegolfbfc.org\/wp-content\/uploads\/2026\/03\/Guilain-Houssais-3e-GPJ-Hts-de-France-300x292.jpeg 300w\" sizes=\"auto, (max-width: 530px) 100vw, 530px\" \/><button\n\t\t\tclass=\"lightbox-trigger\"\n\t\t\ttype=\"button\"\n\t\t\taria-haspopup=\"dialog\"\n\t\t\taria-label=\"Agrandir\"\n\t\t\tdata-wp-init=\"callbacks.initTriggerButton\"\n\t\t\tdata-wp-on-async--click=\"actions.showLightbox\"\n\t\t\tdata-wp-style--right=\"state.imageButtonRight\"\n\t\t\tdata-wp-style--top=\"state.imageButtonTop\"\n\t\t>\n\t\t\t<svg xmlns=\"http:\/\/www.w3.org\/2000\/svg\" width=\"12\" height=\"12\" fill=\"none\" viewBox=\"0 0 12 12\">\n\t\t\t\t<path fill=\"#fff\" d=\"M2 0a2 2 0 0 0-2 2v2h1.5V2a.5.5 0 0 1 .5-.5h2V0H2Zm2 10.5H2a.5.5 0 0 1-.5-.5V8H0v2a2 2 0 0 0 2 2h2v-1.5ZM8 12v-1.5h2a.5.5 0 0 0 .5-.5V8H12v2a2 2 0 0 1-2 2H8Zm2-12a2 2 0 0 1 2 2v2h-1.5V2a.5.5 0 0 0-.5-.5H8V0h2Z\" \/>\n\t\t\t<\/svg>\n\t\t<\/button><\/figure>\n<\/figure>\n<\/div>\n\n\n\n<div class=\"wp-block-column is-layout-flow wp-block-column-is-layout-flow\">\n<figure class=\"wp-block-gallery has-nested-images columns-default is-cropped wp-block-gallery-2 is-layout-flex wp-block-gallery-is-layout-flex\">\n<figure data-wp-context=\"{&quot;imageId&quot;:&quot;69f379aa93f3d&quot;}\" data-wp-interactive=\"core\/image\" class=\"wp-block-image size-large wp-lightbox-container\"><img loading=\"lazy\" decoding=\"async\" width=\"1024\" height=\"768\" data-wp-class--hide=\"state.isContentHidden\" data-wp-class--show=\"state.isContentVisible\" data-wp-init=\"callbacks.setButtonStyles\" data-wp-on-async--click=\"actions.showLightbox\" data-wp-on-async--load=\"callbacks.setButtonStyles\" data-wp-on-async-window--resize=\"callbacks.setButtonStyles\" data-id=\"19656\" src=\"https:\/\/liguegolfbfc.org\/wp-content\/uploads\/2026\/03\/IMG_4894-1024x768.jpeg\" alt=\"\" class=\"wp-image-19656\" srcset=\"https:\/\/liguegolfbfc.org\/wp-content\/uploads\/2026\/03\/IMG_4894-1024x768.jpeg 1024w, https:\/\/liguegolfbfc.org\/wp-content\/uploads\/2026\/03\/IMG_4894-300x225.jpeg 300w, https:\/\/liguegolfbfc.org\/wp-content\/uploads\/2026\/03\/IMG_4894-768x576.jpeg 768w, https:\/\/liguegolfbfc.org\/wp-content\/uploads\/2026\/03\/IMG_4894-1536x1152.jpeg 1536w, https:\/\/liguegolfbfc.org\/wp-content\/uploads\/2026\/03\/IMG_4894.jpeg 2016w\" sizes=\"auto, (max-width: 1024px) 100vw, 1024px\" \/><button\n\t\t\tclass=\"lightbox-trigger\"\n\t\t\ttype=\"button\"\n\t\t\taria-haspopup=\"dialog\"\n\t\t\taria-label=\"Agrandir\"\n\t\t\tdata-wp-init=\"callbacks.initTriggerButton\"\n\t\t\tdata-wp-on-async--click=\"actions.showLightbox\"\n\t\t\tdata-wp-style--right=\"state.imageButtonRight\"\n\t\t\tdata-wp-style--top=\"state.imageButtonTop\"\n\t\t>\n\t\t\t<svg xmlns=\"http:\/\/www.w3.org\/2000\/svg\" width=\"12\" height=\"12\" fill=\"none\" viewBox=\"0 0 12 12\">\n\t\t\t\t<path fill=\"#fff\" d=\"M2 0a2 2 0 0 0-2 2v2h1.5V2a.5.5 0 0 1 .5-.5h2V0H2Zm2 10.5H2a.5.5 0 0 1-.5-.5V8H0v2a2 2 0 0 0 2 2h2v-1.5ZM8 12v-1.5h2a.5.5 0 0 0 .5-.5V8H12v2a2 2 0 0 1-2 2H8Zm2-12a2 2 0 0 1 2 2v2h-1.5V2a.5.5 0 0 0-.5-.5H8V0h2Z\" \/>\n\t\t\t<\/svg>\n\t\t<\/button><\/figure>\n<\/figure>\n<\/div>\n<\/div>\n\n\n\n<hr class=\"wp-block-separator has-alpha-channel-opacity\"\/>\n\n\n\n<h2 class=\"wp-block-heading\">GPJ de Nimes Vacquerolles I <strong>21-22 F\u00e9vrier 2026<\/strong><\/h2>\n\n\n\n<p><a href=\"https:\/\/golf-nimes.com\/fr\/competition\/grand-prix-jeunes-u12-occitanie\/\"><strong>Infos &#8211; inscriptions<\/strong> <strong>et r\u00e9sultats<\/strong><\/a> <strong>U12<\/strong><br>U12 Filles : Olympe <strong>Diguerher<\/strong> 11e (97\/85) &#8211; Margot<strong> Hulin <\/strong>21e (99\/94)<br>U12 Gar\u00e7ons : Guilain <strong>Houssais <\/strong>10e\/54 (82\/79)- Camille<strong> Poidevin<\/strong> 30e (91\/86)<\/p>\n\n\n\n<p><strong><a href=\"https:\/\/pages.ffgolf.org\/resultats\/resultats-details\/957878e8bcc901290b115790945ff6ed\/2601403800\">R\u00e9sultats Benjamin.es.<\/a><\/strong><br>Benjamins Gar\u00e7ons : Loic Sieve 26e (81\/90) &#8211; Maxime Despres 30e (90\/84) &#8211; Hugo Beaufils 52e (97\/95)<\/p>\n\n\n\n<hr class=\"wp-block-separator has-alpha-channel-opacity\"\/>\n\n\n\n<h2 class=\"wp-block-heading\">GPJ de la Ligue PACA I <strong>16-17 F\u00e9vrier 2026<\/strong><\/h2>\n\n\n\n<p><strong>Info et r\u00e9sultats<\/strong> : site <a href=\"https:\/\/liguegolfpaca.org\/events\/grand-prix-jeunes-de-la-ligue-paca-2026\/\">Ligue PACA<\/a> &#8211; <strong><a href=\"https:\/\/pages.ffgolf.org\/resultats\/resultats-details\/fd9c456407cc4e6114f6c03bce53ac6e\/2601407119\">Site FFG<\/a><\/strong><br>Olympe <strong>Diguerher <\/strong>4e (93\/95)<\/p>\n\n\n\n<hr class=\"wp-block-separator has-alpha-channel-opacity\"\/>\n\n\n\n<p><\/p>\n","protected":false},"excerpt":{"rendered":"<p>GRANDS PRIX JEUNES 2026 Les Grands Prix Jeunes sont organis\u00e9s par la Ligue en collaboration avec le club recevant l&rsquo;\u00e9preuve. Les inscriptions se font directement aupr\u00e8s du club. Nous vous souhaitons une belle saison golfique ! Cahier des charges des GPJeunes FFgolfCalendrier et r\u00e9sultats Site FFG GRAND PRIX JEUNES &#8211; Golf de la Wantzenau I [&hellip;]<\/p>\n","protected":false},"author":1,"featured_media":0,"parent":0,"menu_order":0,"comment_status":"closed","ping_status":"closed","template":"page-templates\/page-full-width.php","meta":{"footnotes":""},"class_list":["post-499","page","type-page","status-publish","hentry"],"jetpack_sharing_enabled":true,"_links":{"self":[{"href":"https:\/\/liguegolfbfc.org\/index.php\/wp-json\/wp\/v2\/pages\/499","targetHints":{"allow":["GET"]}}],"collection":[{"href":"https:\/\/liguegolfbfc.org\/index.php\/wp-json\/wp\/v2\/pages"}],"about":[{"href":"https:\/\/liguegolfbfc.org\/index.php\/wp-json\/wp\/v2\/types\/page"}],"author":[{"embeddable":true,"href":"https:\/\/liguegolfbfc.org\/index.php\/wp-json\/wp\/v2\/users\/1"}],"replies":[{"embeddable":true,"href":"https:\/\/liguegolfbfc.org\/index.php\/wp-json\/wp\/v2\/comments?post=499"}],"version-history":[{"count":414,"href":"https:\/\/liguegolfbfc.org\/index.php\/wp-json\/wp\/v2\/pages\/499\/revisions"}],"predecessor-version":[{"id":20453,"href":"https:\/\/liguegolfbfc.org\/index.php\/wp-json\/wp\/v2\/pages\/499\/revisions\/20453"}],"wp:attachment":[{"href":"https:\/\/liguegolfbfc.org\/index.php\/wp-json\/wp\/v2\/media?parent=499"}],"curies":[{"name":"wp","href":"https:\/\/api.w.org\/{rel}","templated":true}]}}